{"id":78,"date":"2015-07-21T09:39:36","date_gmt":"2015-07-21T12:39:36","guid":{"rendered":"http:\/\/www.eficaxconsultancy.rs\/?page_id=78"},"modified":"2026-04-26T10:47:48","modified_gmt":"2026-04-26T13:47:48","slug":"clientes","status":"publish","type":"page","link":"https:\/\/www.eficax.rs\/?page_id=78","title":{"rendered":"Clientes"},"content":{"rendered":"\n<iframe loading=\"lazy\" title=\"Clientes - P\u00e1gina 1\" width=\"600\" height=\"373.5\" src=\"https:\/\/app.powerbi.com\/view?r=eyJrIjoiOTQ4MmE1ZmEtMTI2MC00MTg1LWIyN2MtZjA4OTRjZDIzY2Q5IiwidCI6IjFiYjk3MjgyLTI4NWQtNGI4MC04ODdlLWY5Y2ViNjFkYmIzMiJ9\" frameborder=\"0\" allowfullscreen=\"true\"><\/iframe>\n\n\n<h3>COMAJA &#8211; Cons\u00f3rcio de Munic\u00edpios do Alto Jacu\u00ed e Alto da Serra do Botucara\u00ed<\/h3>\n<p>\u2013 Consultoria em gest\u00e3o p\u00fablica.<\/p>\n<p>Per\u00edodo 2023 &#8211; vigente.<\/p>\n<p><a href=\"https:\/\/www.comaja.com.br\" target=\"_blank\" rel=\"noopener noreferrer\">WebSite do COMAJA<\/a><\/p>\n<p><img loading=\"lazy\" class=\"alignleft size-medium wp-image-871\" src=\"https:\/\/www.eficax.rs\/wp-content\/uploads\/2023\/10\/comaja-300x85.jpg\" alt=\"\" width=\"300\" height=\"85\" srcset=\"https:\/\/www.eficax.rs\/wp-content\/uploads\/2023\/10\/comaja-300x85.jpg 300w, https:\/\/www.eficax.rs\/wp-content\/uploads\/2023\/10\/comaja-50x14.jpg 50w, https:\/\/www.eficax.rs\/wp-content\/uploads\/2023\/10\/comaja.jpg 600w\" sizes=\"(max-width: 300px) 100vw, 300px\" \/><\/p>\n<p>\u00a0<\/p>\n<h3>\u00a0<\/h3>\n<h3>\u00a0<\/h3>\n<h3>Prefeitura de Iju\u00ed<\/h3>\n<p>\u2013 Consultoria Tribut\u00e1ria mensal na implanta\u00e7\u00e3o do Planejamento Estrat\u00e9gico Tribut\u00e1rio Municipal e de toda regulamenta\u00e7\u00e3o das a\u00e7\u00f5es do fisco municipal.<\/p>\n<p>Per\u00edodo 2022 &#8211; Vigente.<\/p>\n<p style=\"margin-bottom: 16px;\"><a href=\"https:\/\/www.ijui.rs.gov.br\/\" target=\"_blank\" rel=\"noopener noreferrer\">WebSite da Prefeitura<\/a><\/p>\n<h3>\u00a0<\/h3>\n<h3><img loading=\"lazy\" class=\"alignleft size-medium wp-image-916\" src=\"https:\/\/www.eficax.rs\/wp-content\/uploads\/2026\/04\/ijui-290x300.webp\" alt=\"\" width=\"290\" height=\"300\" srcset=\"https:\/\/www.eficax.rs\/wp-content\/uploads\/2026\/04\/ijui-290x300.webp 290w, https:\/\/www.eficax.rs\/wp-content\/uploads\/2026\/04\/ijui-48x50.webp 48w, https:\/\/www.eficax.rs\/wp-content\/uploads\/2026\/04\/ijui.webp 300w\" sizes=\"(max-width: 290px) 100vw, 290px\" \/><\/h3>\n<p>\u00a0<\/p>\n<p>\u00a0<\/p>\n<p>\u00a0<\/p>\n<p>\u00a0<\/p>\n<p>\u00a0<\/p>\n<p>\u00a0<\/p>\n<p>\u00a0<\/p>\n<p>\u00a0<\/p>\n<h3>Prefeitura de Cachoeira do Sul<\/h3>\n<p>\u2013 Elabora\u00e7\u00e3o do novo C\u00f3digo Tribut\u00e1rio Municipal;<\/p>\n<p>\u2013 Consultoria Tribut\u00e1ria mensal na implanta\u00e7\u00e3o do Planejamento Estrat\u00e9gico Tribut\u00e1rio Municipal e de toda regulamenta\u00e7\u00e3o das a\u00e7\u00f5es do fisco municipal.<\/p>\n<p>&#8211; Curso de Direito Tribut\u00e1rio Municipal a todos os servidores da Diretoria de Arrecada\u00e7\u00e3o da Secretaria da Fazenda.<\/p>\n<p>Per\u00edodo 2022 &#8211; vigente.<\/p>\n<p style=\"margin-bottom: 16px;\"><a href=\"https:\/\/www.cachoeiradosul.rs.gov.br\/\" target=\"_blank\" rel=\"noopener noreferrer\">WebSite da Prefeitura<\/a><\/p>\n<p><img loading=\"lazy\" class=\"\" src=\"https:\/\/th.bing.com\/th\/id\/R.395a7d4b46b72b50c16939d4d2879279?rik=P60vnmHOVRmeLQ&amp;riu=http%3a%2f%2f2.bp.blogspot.com%2f-7Bk55s4sEN0%2fTuKSjtD--2I%2fAAAAAAAABIU%2f_husr82Ia4U%2fw1200-h630-p-k-no-nu%2fbrasao.jpg&amp;ehk=N%2bnn97OA%2fL%2fvRWt3TqI8R3QEC5PZE%2brgG48vLUCERAc%3d&amp;risl=&amp;pid=ImgRaw&amp;r=0\" alt=\"Ver a imagem de origem\" width=\"171\" height=\"144\" \/><\/p>\n<h3>\u00a0<\/h3>\n<h3>Prefeitura de Ibirub\u00e1<\/h3>\n<p>&#8211; Implanta\u00e7\u00e3o do Planejamento Estrat\u00e9gico Tribut\u00e1rio Municipal e acompanhamento de todos os processos administrativos fiscais de auditoria;<br \/>&#8211; Implanta\u00e7\u00e3o de indicadores gerenciais e estrat\u00e9gicos para gest\u00e3o tribut\u00e1ria;<br \/>&#8211; Implanta\u00e7\u00e3o de cruzamento de dados com conv\u00eanios com diversos \u00f3rg\u00e3os p\u00fablicos federais e estaduais.<\/p>\n<p>Per\u00edodo de 09\/2021 at\u00e9 12\/2024.<\/p>\n<p style=\"text-align: justify;\"><a href=\"https:\/\/ibiruba.rs.gov.br\" target=\"_blank\" rel=\"noopener\">WebSite da Prefeitura<\/a><\/p>\n<p><img title=\"Novo Projeto (2)\" src=\"https:\/\/www.eficax.rs\/wp-content\/uploads\/elementor\/thumbs\/Novo-Projeto-2-pf5ck2bj3rweyjad6apco0bmwb7v9r72m6drqd1ifc.png\" alt=\"Novo Projeto (2)\" \/><\/p>\n<h3>\u00a0<\/h3>\n<h3>Prefeitura de S\u00e3o Jo\u00e3o do Polesine<\/h3>\n<p>&#8211; Consultoria Tribut\u00e1ria mensal na implanta\u00e7\u00e3o do Planejamento Estrat\u00e9gico Tribut\u00e1rio Municipal, e elabora\u00e7\u00e3o do C\u00f3digo Tribut\u00e1rio Municipal.<\/p>\n<p>Per\u00edodo 04\/2019 at\u00e9 31\/12\/2024.<\/p>\n<p><a href=\"https:\/\/www.saojoaodopolesine.rs.gov.br\/\" target=\"_blank\" rel=\"noopener noreferrer\">WebSite da Prefeitura<\/a><\/p>\n<h3><img title=\"Bras\u00e3o_-_S\u00e3o_Jo\u00e3o_do_Pol\u00easine\" src=\"https:\/\/www.eficax.rs\/wp-content\/uploads\/elementor\/thumbs\/Bras\u00e3o_-_S\u00e3o_Jo\u00e3o_do_Pol\u00easine-oq1iz3y6s3zdjxlex3r6vjzpvdmkpelo72bhf3zvca.jpg\" alt=\"Bras\u00e3o_-_S\u00e3o_Jo\u00e3o_do_Pol\u00easine\" \/><\/h3>\n<h3>\u00a0<\/h3>\n<h3>Prefeitura de Tupanciret\u00e3<\/h3>\n<p>&#8211; Elabora\u00e7\u00e3o do novo C\u00f3digo Tribut\u00e1rio Municipal<br \/>&#8211; Consultoria Tribut\u00e1ria mensal na implanta\u00e7\u00e3o do Planejamento Estrat\u00e9gico Tribut\u00e1rio Municipal e de toda regulamenta\u00e7\u00e3o das a\u00e7\u00f5es do fisco municipal.<br \/>&#8211; Consultoria em Gest\u00e3o P\u00fablica auxiliando no desenvolvimento de todas as a\u00e7\u00f5es do Plano de Governo Municipal.<\/p>\n<p>Per\u00edodo 10\/2014 &#8211; vigente.<\/p>\n<p style=\"margin-bottom: 16px;\"><a href=\"http:\/\/www.tupancireta.rs.gov.br\/\" target=\"_blank\" rel=\"noopener noreferrer\">WebSite da Prefeitura<\/a><\/p>\n<p><img title=\"dg_imagem_00018800\" src=\"https:\/\/www.eficax.rs\/wp-content\/uploads\/2015\/07\/dg_imagem_00018800-150x150.jpg\" alt=\"dg_imagem_00018800\" \/><\/p>\n<h3>\u00a0<\/h3>\n<h3>Prefeitura de Soledade<\/h3>\n<p>&#8211; Elabora\u00e7\u00e3o do novo C\u00f3digo Tribut\u00e1rio Municipal<br \/>&#8211; Consultoria Tribut\u00e1ria mensal na implanta\u00e7\u00e3o do Planejamento Estrat\u00e9gico Tribut\u00e1rio Municipal e de toda regulamenta\u00e7\u00e3o das a\u00e7\u00f5es do fisco municipal.<\/p>\n<p>Per\u00edodo 2017 &#8211; vigente.<br \/><a href=\"http:\/\/www.soledade.rs.gov.br\/\" target=\"_blank\" rel=\"noopener noreferrer\"><br \/>WebSite da Prefeitura<\/a><\/p>\n<p><img title=\"BRAS\u00c3O-SOLEDADE\" src=\"https:\/\/www.eficax.rs\/wp-content\/uploads\/elementor\/thumbs\/BRAS\u00c3O-SOLEDADE-opw9i0p7lef9y1lxanf2qu0hedwuxrch1svo89p0ly.jpg\" alt=\"BRAS\u00c3O-SOLEDADE\" \/><\/p>\n<h3>Prefeitura de Cruz Alta<\/h3>\n<p style=\"text-align: justify;\">&#8211; Implanta\u00e7\u00e3o do Planejamento Estrat\u00e9gico Tribut\u00e1rio Municipal e acompanhamento de todos os processos administrativos fiscais de auditoria;<br \/>&#8211; Implanta\u00e7\u00e3o de indicadores gerenciais e estrat\u00e9gicos para gest\u00e3o tribut\u00e1ria;<\/p>\n<p>Per\u00edodo de 06\/2025 &#8211; Vigente.<\/p>\n<p><a href=\"https:\/\/cruzalta.atende.net\/\" target=\"_blank\" rel=\"noopener noreferrer\">WebSite da Prefeitura<\/a><\/p>\n<p><img loading=\"lazy\" class=\"alignleft size-medium wp-image-919\" src=\"https:\/\/www.eficax.rs\/wp-content\/uploads\/2026\/04\/cruz-alta-284x300.png\" alt=\"\" width=\"284\" height=\"300\" srcset=\"https:\/\/www.eficax.rs\/wp-content\/uploads\/2026\/04\/cruz-alta-284x300.png 284w, https:\/\/www.eficax.rs\/wp-content\/uploads\/2026\/04\/cruz-alta-47x50.png 47w, https:\/\/www.eficax.rs\/wp-content\/uploads\/2026\/04\/cruz-alta.png 472w\" sizes=\"(max-width: 284px) 100vw, 284px\" \/><\/p>\n<p>\u00a0<\/p>\n<p>\u00a0<\/p>\n<p>\u00a0<\/p>\n<p>\u00a0<\/p>\n<p>\u00a0<\/p>\n<p>\u00a0<\/p>\n<p>\u00a0<\/p>\n<p>\u00a0<\/p>\n<h3>Prefeitura de Tapera<\/h3>\n<p style=\"text-align: justify;\">&#8211; Implanta\u00e7\u00e3o do Planejamento Estrat\u00e9gico Tribut\u00e1rio Municipal e acompanhamento de todos os processos administrativos fiscais de auditoria;<br \/>&#8211; Implanta\u00e7\u00e3o de indicadores gerenciais e estrat\u00e9gicos para gest\u00e3o tribut\u00e1ria;<\/p>\n<p>Per\u00edodo de 04\/2026 &#8211; Vigente.<\/p>\n<p><a href=\"http:\/\/tapera.rs.gov.br\/\" target=\"_blank\" rel=\"noopener noreferrer\">WebSite da Prefeitura<\/a><\/p>\n<h3><img loading=\"lazy\" class=\"alignleft size-full wp-image-920\" src=\"https:\/\/www.eficax.rs\/wp-content\/uploads\/2026\/04\/Tapera.png\" alt=\"\" width=\"190\" height=\"211\" srcset=\"https:\/\/www.eficax.rs\/wp-content\/uploads\/2026\/04\/Tapera.png 190w, https:\/\/www.eficax.rs\/wp-content\/uploads\/2026\/04\/Tapera-45x50.png 45w\" sizes=\"(max-width: 190px) 100vw, 190px\" \/><\/h3>\n<h3>\u00a0<\/h3>\n<h3>\u00a0<\/h3>\n<h3>\u00a0<\/h3>\n<h3>\u00a0<\/h3>\n<h3>\u00a0<\/h3>\n<h3>\u00a0<\/h3>\n<h3>Prefeitura de Feliz<\/h3>\n<p style=\"text-align: justify;\">&#8211; Implanta\u00e7\u00e3o do Planejamento Estrat\u00e9gico Tribut\u00e1rio Municipal e acompanhamento de todos os processos administrativos fiscais de auditoria;<br \/>&#8211; Implanta\u00e7\u00e3o de indicadores gerenciais e estrat\u00e9gicos para gest\u00e3o tribut\u00e1ria;<\/p>\n<p>Per\u00edodo de 04\/2015 at\u00e9 04\/2016<\/p>\n<p>Per\u00edodo de 05\/2021 &#8211; Vigente.<\/p>\n<p><a href=\"http:\/\/feliz.rs.gov.br\/\" target=\"_blank\" rel=\"noopener noreferrer\">WebSite da Prefeitura<\/a><\/p>\n<p><img loading=\"lazy\" class=\"\" src=\"https:\/\/www.eficax.rs\/wp-content\/uploads\/2015\/07\/brasao_20_x_25_fundo_branco_6.jpg\" alt=\"\" width=\"161\" height=\"201\" \/><\/p>\n<h3>Prefeitura de Santana da Boa Vista<\/h3>\n<p>&#8211; Consultoria Tribut\u00e1ria mensal na implanta\u00e7\u00e3o do Planejamento Estrat\u00e9gico Tribut\u00e1rio Municipal, elabora\u00e7\u00e3o de CTM e de toda regulamenta\u00e7\u00e3o das a\u00e7\u00f5es do fisco municipal.<\/p>\n<p>Per\u00edodo de 07\/2019 at\u00e9 06\/2020.<\/p>\n<p>Per\u00edodo de 03\/2023 at\u00e9 12\/2024.<\/p>\n<p style=\"margin-bottom: 16px;\"><a href=\"https:\/\/www.santanadaboavista.rs.gov.br\/\" target=\"_blank\" rel=\"noopener noreferrer\">WebSite da Prefeitura<\/a><\/p>\n<p><img loading=\"lazy\" class=\"\" title=\"Bras\u00e3oSBV\" src=\"https:\/\/www.eficax.rs\/wp-content\/uploads\/2015\/07\/Bras\u00e3oSBV-137x150.png\" alt=\"Bras\u00e3oSBV\" width=\"167\" height=\"183\" \/><\/p>\n<h3>\u00a0<\/h3>\n<h3>Prefeitura de Santa Vit\u00f3ria do Palmar<\/h3>\n<p>&#8211; Consultoria Tribut\u00e1ria mensal na implanta\u00e7\u00e3o do Planejamento Estrat\u00e9gico Tribut\u00e1rio Municipal, elabora\u00e7\u00e3o de CTM e de toda regulamenta\u00e7\u00e3o das a\u00e7\u00f5es do fisco municipal.<\/p>\n<p>Per\u00edodo 2023 &#8211; vigente.<\/p>\n<p style=\"margin-bottom: 16px;\"><a href=\"https:\/\/www.santanadaboavista.rs.gov.br\/\" target=\"_blank\" rel=\"noopener noreferrer\">WebSite da Prefeitura<\/a><\/p>\n<p><img loading=\"lazy\" class=\"alignleft size-full wp-image-874\" src=\"https:\/\/www.eficax.rs\/wp-content\/uploads\/2023\/10\/brasaosvp.png\" alt=\"\" width=\"192\" height=\"181\" srcset=\"https:\/\/www.eficax.rs\/wp-content\/uploads\/2023\/10\/brasaosvp.png 192w, https:\/\/www.eficax.rs\/wp-content\/uploads\/2023\/10\/brasaosvp-50x47.png 50w\" sizes=\"(max-width: 192px) 100vw, 192px\" \/><\/p>\n<p>\u00a0<\/p>\n<p>\u00a0<\/p>\n<p>\u00a0<\/p>\n<h3>\u00a0<\/h3>\n<h3>\u00a0<\/h3>\n<h3>Prefeitura de Salto do Jacu\u00ed<\/h3>\n<p>&#8211; Consultoria Tribut\u00e1ria mensal na implanta\u00e7\u00e3o do Planejamento Estrat\u00e9gico Tribut\u00e1rio Municipal, elabora\u00e7\u00e3o de CTM e de toda regulamenta\u00e7\u00e3o das a\u00e7\u00f5es do fisco municipal.<\/p>\n<p>Per\u00edodo 2023 &#8211; vigente.<\/p>\n<p style=\"margin-bottom: 16px;\"><a href=\"https:\/\/www.saltodojacui.rs.gov.br\/\" target=\"_blank\" rel=\"noopener noreferrer\">WebSite da Prefeitura<\/a><\/p>\n<p><img loading=\"lazy\" class=\"alignleft  wp-image-875\" src=\"https:\/\/www.eficax.rs\/wp-content\/uploads\/2023\/10\/brasaoSalto-284x300.png\" alt=\"\" width=\"200\" height=\"211\" srcset=\"https:\/\/www.eficax.rs\/wp-content\/uploads\/2023\/10\/brasaoSalto-284x300.png 284w, https:\/\/www.eficax.rs\/wp-content\/uploads\/2023\/10\/brasaoSalto-47x50.png 47w, https:\/\/www.eficax.rs\/wp-content\/uploads\/2023\/10\/brasaoSalto.png 329w\" sizes=\"(max-width: 200px) 100vw, 200px\" \/><\/p>\n<p>\u00a0<\/p>\n<p>\u00a0<\/p>\n<h3>\u00a0<\/h3>\n<h3>\u00a0<\/h3>\n<h3>\u00a0<\/h3>\n<h3>\u00a0<\/h3>\n<h3>Prefeitura de Jaguar\u00e3o<\/h3>\n<p>\u2013 Elabora\u00e7\u00e3o do novo C\u00f3digo Tribut\u00e1rio Municipal.<\/p>\n<p>Per\u00edodo 2022\/2023.<\/p>\n<p><a href=\"https:\/\/www.jaguarao.rs.gov.br\/\" target=\"_blank\" rel=\"noopener noreferrer\">WebSite da Prefeitura<\/a><\/p>\n<p><img loading=\"lazy\" class=\"alignleft size-medium wp-image-918\" src=\"https:\/\/www.eficax.rs\/wp-content\/uploads\/2026\/04\/Jaguarao-210x300.jpg\" alt=\"\" width=\"210\" height=\"300\" srcset=\"https:\/\/www.eficax.rs\/wp-content\/uploads\/2026\/04\/Jaguarao-210x300.jpg 210w, https:\/\/www.eficax.rs\/wp-content\/uploads\/2026\/04\/Jaguarao-35x50.jpg 35w, https:\/\/www.eficax.rs\/wp-content\/uploads\/2026\/04\/Jaguarao.jpg 350w\" sizes=\"(max-width: 210px) 100vw, 210px\" \/><\/p>\n<h3>\u00a0<\/h3>\n<p>\u00a0<\/p>\n<p>\u00a0<\/p>\n<p>\u00a0<\/p>\n<p>\u00a0<\/p>\n<p>\u00a0<\/p>\n<p>\u00a0<\/p>\n<h3>Prefeitura de Santa Clara do Sul<\/h3>\n<p>\u2013 Elabora\u00e7\u00e3o do novo C\u00f3digo Tribut\u00e1rio Municipal;<\/p>\n<p>\u2013 Consultoria Tribut\u00e1ria mensal na implanta\u00e7\u00e3o do Planejamento Estrat\u00e9gico Tribut\u00e1rio Municipal e de toda regulamenta\u00e7\u00e3o das a\u00e7\u00f5es do fisco municipal.<\/p>\n<p>Per\u00edodo 04\/2021 &#8211; 03\/2022.<\/p>\n<p style=\"margin-bottom: 16px;\"><a href=\"https:\/\/www.santaclaradosul.rs.gov.br\/\" target=\"_blank\" rel=\"noopener noreferrer\">WebSite da Prefeitura<\/a><\/p>\n<p><img title=\"Novo Projeto (3)\" src=\"https:\/\/www.eficax.rs\/wp-content\/uploads\/2021\/10\/Novo-Projeto-3.png\" alt=\"Novo Projeto (3)\" \/><\/p>\n<h3>\u00a0<\/h3>\n<h3>Prefeitura de S\u00e3o Pedro do Sul<\/h3>\n<p>&#8211; Consultoria Tribut\u00e1ria mensal na implanta\u00e7\u00e3o do Planejamento Estrat\u00e9gico Tribut\u00e1rio Municipal e de toda regulamenta\u00e7\u00e3o das a\u00e7\u00f5es do fisco municipal.<\/p>\n<p>Per\u00edodo 2017 &#8211; 09\/2023.<\/p>\n<p style=\"margin-bottom: 16px;\"><a href=\"http:\/\/www.saopedrodosul.rs.gov.br\/\" target=\"_blank\" rel=\"noopener noreferrer\">WebSite da Prefeitura<\/a><\/p>\n<p><img title=\"Bras\u00e3o_de_S\u00e3o_Pedro_do_Sul\" src=\"https:\/\/www.eficax.rs\/wp-content\/uploads\/elementor\/thumbs\/Bras\u00e3o_de_S\u00e3o_Pedro_do_Sul-opw9hytj7qcpatonlmltluhk7m64id50djkp9prslw.png\" alt=\"Bras\u00e3o_de_S\u00e3o_Pedro_do_Sul\" \/><\/p>\n<h3>Prefeitura de Itaara<\/h3>\n<p>&#8211; Elabora\u00e7\u00e3o do novo C\u00f3digo Tribut\u00e1rio Municipal<br \/>&#8211; Consultoria Tribut\u00e1ria mensal na implanta\u00e7\u00e3o do Planejamento Estrat\u00e9gico Tribut\u00e1rio Municipal e de toda regulamenta\u00e7\u00e3o das a\u00e7\u00f5es do fisco municipal.<\/p>\n<p>Per\u00edodo 2018 &#8211; 09\/2021.<\/p>\n<p style=\"margin-bottom: 16px;\"><a href=\"http:\/\/www.itaara.rs.gov.br\/\" target=\"_blank\" rel=\"noopener noreferrer\">WebSite da Prefeitura<\/a><\/p>\n<p><img title=\"Brasao_itaara\" src=\"https:\/\/www.eficax.rs\/wp-content\/uploads\/elementor\/thumbs\/Brasao_itaara-opw9hx2z6m5mfmfy1cv1pv89kwddhj1jf95t5l0iia.png\" alt=\"Brasao_itaara\" \/><\/p>\n<h3>\u00a0<\/h3>\n<h3>Prefeitura de Pinheiro Machado<\/h3>\n<p>&#8211; Consultoria Tribut\u00e1ria mensal na implanta\u00e7\u00e3o do Planejamento Estrat\u00e9gico Tribut\u00e1rio Municipal.<\/p>\n<p>Per\u00edodo de 01\/2020 at\u00e9 12\/2020.<\/p>\n<p style=\"margin-bottom: 16px;\"><a href=\"https:\/\/www.pinheiromachado.rs.gov.br\/\" target=\"_blank\" rel=\"noopener noreferrer\">WebSite da Prefeitura<\/a><\/p>\n<p><img title=\"brasao_pinheiro_machado\" src=\"https:\/\/www.eficax.rs\/wp-content\/uploads\/elementor\/thumbs\/brasao_pinheiro_machado-oq1j930jatmwqz3uoeyoc1dsskgsds74wfiyqt7hgy.png\" alt=\"brasao_pinheiro_machado\" \/><\/p>\n<p>\u00a0<\/p>\n<h3>Prefeitura de Tapes<\/h3>\n<p>&#8211; Elabora\u00e7\u00e3o do novo C\u00f3digo Tribut\u00e1rio Municipal<br \/>&#8211; Consultoria Tribut\u00e1ria mensal na implanta\u00e7\u00e3o do Planejamento Estrat\u00e9gico Tribut\u00e1rio Municipal e de toda regulamenta\u00e7\u00e3o das a\u00e7\u00f5es do fisco municipal.<\/p>\n<p>Per\u00edodo de 08\/2017 at\u00e9 07\/2021.<\/p>\n<p>Per\u00edodo de 07\/2025 &#8211; vigente.<br \/><a href=\"http:\/\/www.tapes.rs.gov.br\/\" target=\"_blank\" rel=\"noopener noreferrer\"><br \/>WebSite da Prefeitura<\/a><\/p>\n<p><img loading=\"lazy\" src=\"https:\/\/www.eficax.rs\/wp-content\/uploads\/2021\/04\/pm_tapes.png\" sizes=\"(max-width: 182px) 100vw, 182px\" srcset=\"https:\/\/www.eficax.rs\/wp-content\/uploads\/2021\/04\/pm_tapes.png 182w, https:\/\/www.eficax.rs\/wp-content\/uploads\/2021\/04\/pm_tapes-43x50.png 43w\" alt=\"\" width=\"182\" height=\"214\" \/><\/p>\n<h3>\u00a0<\/h3>\n<h3>Prefeitura de Victor Graeff<\/h3>\n<p>&#8211; Elabora\u00e7\u00e3o do novo C\u00f3digo Tribut\u00e1rio Municipal<\/p>\n<p>&#8211; Consultoria Tribut\u00e1ria Mensal<\/p>\n<p>Per\u00edodo de 02\/2019 at\u00e9 12\/2020.<\/p>\n<p>Per\u00edodo de 03\/2024 &#8211; vigente.<br \/><a href=\"http:\/\/www.victorgraeff.rs.gov.br\/\" target=\"_blank\" rel=\"noopener noreferrer\"><br \/>WebSite da Prefeitura<\/a><\/p>\n<p><img title=\"Novo Projeto (6)\" src=\"https:\/\/www.eficax.rs\/wp-content\/uploads\/2021\/04\/Novo-Projeto-6-150x150.png\" alt=\"Novo Projeto (6)\" \/><\/p>\n<h3>\u00a0<\/h3>\n<h3>Prefeitura de Vacaria<\/h3>\n<p>&#8211; Elabora\u00e7\u00e3o do novo C\u00f3digo Tribut\u00e1rio Municipal;<br \/>&#8211; Consultoria Tribut\u00e1ria mensal na implanta\u00e7\u00e3o do Planejamento Estrat\u00e9gico Tribut\u00e1rio Municipal e de toda regulamenta\u00e7\u00e3o das a\u00e7\u00f5es do fisco municipal.<\/p>\n<p>Per\u00edodo &#8211; 2017\/2018.<br \/><a href=\"http:\/\/www.vacaria.rs.gov.br\/\" target=\"_blank\" rel=\"noopener noreferrer\"><br \/>WebSite da Prefeitura<\/a><\/p>\n<p><img loading=\"lazy\" src=\"https:\/\/www.eficax.rs\/wp-content\/uploads\/2015\/07\/bras\u00e3o-150x150.png\" alt=\"\" width=\"150\" height=\"150\" \/><\/p>\n<h3>\u00a0<\/h3>\n<h3>Prefeitura de Quara\u00ed<\/h3>\n<p>&#8211; Elabora\u00e7\u00e3o do novo C\u00f3digo Tribut\u00e1rio Municipal<\/p>\n<p>Per\u00edodo 2017\/2018.<\/p>\n<p style=\"margin-bottom: 16px;\"><a href=\"http:\/\/www.quarai.rs.gov.br\/\" target=\"_blank\" rel=\"noopener noreferrer\">WebSite da Prefeitura<\/a><\/p>\n<p><img loading=\"lazy\" src=\"https:\/\/www.eficax.rs\/wp-content\/uploads\/2015\/07\/Bras\u00e3oQuarai.png\" sizes=\"(max-width: 136px) 100vw, 136px\" srcset=\"https:\/\/www.eficax.rs\/wp-content\/uploads\/2015\/07\/Bras\u00e3oQuarai.png 136w, https:\/\/www.eficax.rs\/wp-content\/uploads\/2015\/07\/Bras\u00e3oQuarai-44x50.png 44w\" alt=\"\" width=\"136\" height=\"156\" \/><\/p>\n<h3>\u00a0<\/h3>\n<h3>Prefeitura de Uruguaiana<\/h3>\n<p style=\"text-align: justify;\">&#8211; Capacita\u00e7\u00e3o em Direito Tribut\u00e1rio Municipal para os Servidores Municipais com estudos de casos.<\/p>\n<p>Per\u00edodo 2016\/2017.<\/p>\n<p style=\"margin-bottom: 16px;\"><a href=\"http:\/\/www.uruguaiana.rs.gov.br\/\" target=\"_blank\" rel=\"noopener noreferrer\">WebSite da Prefeitura<\/a><\/p>\n<p><img loading=\"lazy\" src=\"https:\/\/www.eficax.rs\/wp-content\/uploads\/2015\/07\/untitled-1_83.png\" sizes=\"(max-width: 195px) 100vw, 195px\" srcset=\"https:\/\/www.eficax.rs\/wp-content\/uploads\/2015\/07\/untitled-1_83.png 195w, https:\/\/www.eficax.rs\/wp-content\/uploads\/2015\/07\/untitled-1_83-150x150.png 150w, https:\/\/www.eficax.rs\/wp-content\/uploads\/2015\/07\/untitled-1_83-50x50.png 50w\" alt=\"\" width=\"195\" height=\"195\" \/><\/p>\n<h3>Prefeitura de S\u00e3o Gabriel<\/h3>\n<p>&#8211; Implanta\u00e7\u00e3o do Planejamento Estrat\u00e9gico Tribut\u00e1rio Municipal e acompanhamento de todos os processos administrativos fiscais de auditoria;<br \/>&#8211; Implanta\u00e7\u00e3o de indicadores gerenciais e estrat\u00e9gicos para gest\u00e3o tribut\u00e1ria;<br \/>&#8211; Implanta\u00e7\u00e3o de cruzamento de dados com conv\u00eanios com diversos \u00f3rg\u00e3os p\u00fablicos federais e estaduais.<\/p>\n<p>Per\u00edodo de 01\/2015 at\u00e9 12\/2016<\/p>\n<p style=\"margin-bottom: 16px;\"><a href=\"http:\/\/www.saogabriel.rs.gov.br\/\" target=\"_blank\" rel=\"noopener noreferrer\">WebSite da Prefeitura<\/a><\/p>\n<p><img loading=\"lazy\" src=\"https:\/\/www.eficax.rs\/wp-content\/uploads\/2021\/04\/Novo-Projeto-7.png\" sizes=\"(max-width: 150px) 100vw, 150px\" srcset=\"https:\/\/www.eficax.rs\/wp-content\/uploads\/2021\/04\/Novo-Projeto-7.png 150w, https:\/\/www.eficax.rs\/wp-content\/uploads\/2021\/04\/Novo-Projeto-7-42x50.png 42w\" alt=\"\" width=\"150\" height=\"180\" \/><\/p>\n<h3>Prefeitura de Marau<\/h3>\n<p style=\"text-align: left;\">&#8211; Implanta\u00e7\u00e3o do Planejamento Estrat\u00e9gico Tribut\u00e1rio Municipal e acompanhamento de todos os processos administrativos fiscais de auditoria tribut\u00e1ria;<br \/>&#8211; Implanta\u00e7\u00e3o de indicadores gerenciais e estrat\u00e9gicos para gest\u00e3o tribut\u00e1ria;<br \/>&#8211; Implanta\u00e7\u00e3o de cruzamento de dados para gest\u00e3o tribut\u00e1ria e auditoria fiscal.<\/p>\n<p style=\"text-align: justify;\">Per\u00edodo de 02\/2016 at\u00e9 12\/2016<\/p>\n<p style=\"margin-bottom: 16px;\"><a href=\"http:\/\/www.pmmarau.com.br\/\" target=\"_blank\" rel=\"noopener noreferrer\">WebSite da Prefeitura<\/a><\/p>\n<p><img loading=\"lazy\" src=\"https:\/\/www.eficax.rs\/wp-content\/uploads\/2021\/04\/667065d9b3d908470c5bdc7fdadecfff_brasao_150-150x150.png\" sizes=\"(max-width: 150px) 100vw, 150px\" srcset=\"https:\/\/www.eficax.rs\/wp-content\/uploads\/2021\/04\/667065d9b3d908470c5bdc7fdadecfff_brasao_150.png 150w, https:\/\/www.eficax.rs\/wp-content\/uploads\/2021\/04\/667065d9b3d908470c5bdc7fdadecfff_brasao_150-50x50.png 50w, https:\/\/www.eficax.rs\/wp-content\/uploads\/2021\/04\/667065d9b3d908470c5bdc7fdadecfff_brasao_150-64x64.png 64w\" alt=\"\" width=\"150\" height=\"150\" \/><\/p>\n<h3>\u00a0<\/h3>\n<h3>Prefeitura de Progresso<\/h3>\n<p style=\"text-align: left;\">&#8211; Implanta\u00e7\u00e3o do Planejamento Estrat\u00e9gico Tribut\u00e1rio Municipal e acompanhamento de todos os processos administrativos fiscais de auditoria tribut\u00e1ria;<br \/>&#8211; Implanta\u00e7\u00e3o de indicadores gerenciais e estrat\u00e9gicos para gest\u00e3o tribut\u00e1ria;<br \/>&#8211; Implanta\u00e7\u00e3o de cruzamento de dados para gest\u00e3o tribut\u00e1ria e auditoria fiscal.<\/p>\n<p>Per\u00edodo 2021\/2022.<\/p>\n<p style=\"margin-bottom: 16px;\"><a href=\"https:\/\/progresso.rs.gov.br\" target=\"_blank\" rel=\"noopener noreferrer\">WebSite da Prefeitura<\/a><\/p>\n<p><img title=\"Novo Projeto (1)\" src=\"https:\/\/www.eficax.rs\/wp-content\/uploads\/elementor\/thumbs\/Novo-Projeto-1-pf5ccjm0fhlu2u7l31ospwmvtca5oxcdkyhxio6w7c.png\" alt=\"Novo Projeto (1)\" \/><\/p>\n<h3>\u00a0<\/h3>\n<h3>Prefeitura de Lagoa dos Tr\u00eas Cantos<\/h3>\n<p>&#8211; Implanta\u00e7\u00e3o do Planejamento Estrat\u00e9gico Tribut\u00e1rio Municipal e acompanhamento de todos os processos administrativos fiscais de auditoria;<br \/>&#8211; Implanta\u00e7\u00e3o de indicadores gerenciais e estrat\u00e9gicos para gest\u00e3o tribut\u00e1ria;<br \/>&#8211; Implanta\u00e7\u00e3o de cruzamento de dados com conv\u00eanios com diversos \u00f3rg\u00e3os p\u00fablicos federais e estaduais.<\/p>\n<p>Per\u00edodo 2021\/2022.<\/p>\n<p style=\"text-align: justify;\"><a href=\"https:\/\/lagoa3cantos.rs.gov.br\/\" target=\"_blank\" rel=\"noopener\">WebSite da Prefeitura<\/a><\/p>\n<p><img title=\"Novo Projeto (4)\" src=\"https:\/\/www.eficax.rs\/wp-content\/uploads\/elementor\/thumbs\/Novo-Projeto-4-pf5cuovuqi2znkkd0ggm4xuqxy9bri5f8yq5p3rxw4.png\" alt=\"Novo Projeto (4)\" \/><\/p>\n<h3>\u00a0<\/h3>\n<p>\u00a0<\/p>","protected":false},"excerpt":{"rendered":"<p>COMAJA &#8211; Cons\u00f3rcio de Munic\u00edpios do Alto Jacu\u00ed e Alto da Serra do Botucara\u00ed \u2013 Consultoria em gest\u00e3o p\u00fablica. Per\u00edodo 2023 &#8211; vigente. WebSite do COMAJA \u00a0 \u00a0 \u00a0 Prefeitura de Iju\u00ed \u2013 Consultoria Tribut\u00e1ria mensal na implanta\u00e7\u00e3o do Planejamento Estrat\u00e9gico Tribut\u00e1rio Municipal e de toda regulamenta\u00e7\u00e3o das a\u00e7\u00f5es do fisco municipal. Per\u00edodo 2022 &#8211;&hellip; <br \/> <a class=\"read-more\" href=\"https:\/\/www.eficax.rs\/?page_id=78\">Leia mais<\/a><\/p>\n","protected":false},"author":1,"featured_media":0,"parent":0,"menu_order":0,"comment_status":"closed","ping_status":"open","template":"","meta":[],"wppr_data":{"cwp_meta_box_check":"No"},"acf":[],"_links":{"self":[{"href":"https:\/\/www.eficax.rs\/index.php?rest_route=\/wp\/v2\/pages\/78"}],"collection":[{"href":"https:\/\/www.eficax.rs\/index.php?rest_route=\/wp\/v2\/pages"}],"about":[{"href":"https:\/\/www.eficax.rs\/index.php?rest_route=\/wp\/v2\/types\/page"}],"author":[{"embeddable":true,"href":"https:\/\/www.eficax.rs\/index.php?rest_route=\/wp\/v2\/users\/1"}],"replies":[{"embeddable":true,"href":"https:\/\/www.eficax.rs\/index.php?rest_route=%2Fwp%2Fv2%2Fcomments&post=78"}],"version-history":[{"count":66,"href":"https:\/\/www.eficax.rs\/index.php?rest_route=\/wp\/v2\/pages\/78\/revisions"}],"predecessor-version":[{"id":921,"href":"https:\/\/www.eficax.rs\/index.php?rest_route=\/wp\/v2\/pages\/78\/revisions\/921"}],"wp:attachment":[{"href":"https:\/\/www.eficax.rs\/index.php?rest_route=%2Fwp%2Fv2%2Fmedia&parent=78"}],"curies":[{"name":"wp","href":"https:\/\/api.w.org\/{rel}","templated":true}]}}